{"id":866,"date":"2021-08-24T09:43:28","date_gmt":"2021-08-24T08:43:28","guid":{"rendered":"https:\/\/euromadera.com\/?page_id=866"},"modified":"2021-08-24T09:43:28","modified_gmt":"2021-08-24T08:43:28","slug":"politique-de-confidentialite","status":"publish","type":"page","link":"https:\/\/euromadera.com\/fr\/politique-de-confidentialite\/","title":{"rendered":"Politique de confidentialit\u00e9"},"content":{"rendered":"<p>[et_pb_section fb_built=\u00a0\u00bb1&Prime; _builder_version=\u00a0\u00bb4.9.9&Prime; _module_preset=\u00a0\u00bbdefault\u00a0\u00bb][et_pb_row _builder_version=\u00a0\u00bb4.9.9&Prime; _module_preset=\u00a0\u00bbdefault\u00a0\u00bb][et_pb_column type=\u00a0\u00bb4_4&Prime; _builder_version=\u00a0\u00bb4.9.9&Prime; _module_preset=\u00a0\u00bbdefault\u00a0\u00bb][et_pb_text _builder_version=\u00a0\u00bb4.9.10&Prime; _module_preset=\u00a0\u00bbdefault\u00a0\u00bb header_line_height=\u00a0\u00bb1.7em\u00a0\u00bb hover_enabled=\u00a0\u00bb0&Prime; sticky_enabled=\u00a0\u00bb0&Prime;]<\/p>\n<h1>Politique de confidentialit\u00e9<\/h1>\n<p>\u00a01. <span style=\"font-size: 14px;\">Politique de confidentialit\u00e9 Mikel Gotzon Zubieta P\u00e9rez &#8211; EUROMADERA (ci-apr\u00e8s, EUROMADERA) informe de sa politique de confidentialit\u00e9 concernant le traitement et la protection des donn\u00e9es personnelles des utilisateurs et des clients qui peuvent \u00eatre collect\u00e9es en naviguant ou en contractant des services via le site Web https:\/\/euromadera.com<\/span><\/p>\n<ol>\n<li>\n<p>En ce sens, EUROMADERA garantit le respect de la r\u00e9glementation en vigueur sur la protection des donn\u00e9es personnelles, refl\u00e9t\u00e9e dans la loi organique 3\/2018, du 5 d\u00e9cembre, sur la protection des donn\u00e9es personnelles et la garantie des droits num\u00e9riques (LOPD GDD). Il est \u00e9galement conforme au R\u00e8glement (UE) 2016\/679 du Parlement europ\u00e9en et du Conseil du 27 avril 2016 relatif \u00e0 la protection des personnes physiques (RGPD).<\/p>\n<p>L&rsquo;utilisation du site Web implique l&rsquo;acceptation de la pr\u00e9sente politique de confidentialit\u00e9, ainsi que des conditions incluses dans les mentions l\u00e9gales.<\/p>\n<p>&nbsp;<\/p>\n<p>DONN\u00c9ES DU RESPONSABLE DU TRAITEMENT\u00a0:<\/p>\n<p>Mikel Gotzon Zubieta P\u00e9rez &#8211; EUROMADERA<br \/>CAF \/ NIF : 33423100<br \/>Adresse :<br \/>Courriel : info@euromadera.com<br \/>T\u00e9l\u00e9phone : 602 618 049<\/p>\n<p>TRAITEMENT DES DONN\u00c9ES PERSONNELLES\u00a0:<\/p>\n<p>Utilisateurs Web<\/p>\n<p>Formulaire de contact ou autres canaux de contact et demande d&rsquo;informations.<\/p>\n<p>La finalit\u00e9 de la collecte et du traitement des donn\u00e9es personnelles r\u00e9pond \u00e0 la n\u00e9cessit\u00e9 de g\u00e9rer et de r\u00e9pondre aux demandes d&rsquo;informations re\u00e7ues.<\/p>\n<p>Nous collectons : Coordonn\u00e9es : Nom complet et adresses e-mail.<\/p>\n<p>Traitement des donn\u00e9es via des cookies lors de l&rsquo;utilisation du site Web afin d&rsquo;effectuer des analyses et des am\u00e9liorations sur le site Web et sur nos services. Am\u00e9liorer la strat\u00e9gie commerciale.<\/p>\n<p>Nous collectons : Informations sur le navigateur : Informations sur l&rsquo;appareil de l&rsquo;utilisateur : IP, syst\u00e8me d&rsquo;exploitation, identifiants. Informations de navigation : enregistrements et pages visit\u00e9es sur le portail, pr\u00e9f\u00e9rences de navigation.<\/p>\n<p>La base l\u00e9gale est l&rsquo;acceptation et le consentement de l&rsquo;int\u00e9ress\u00e9 : Dans les cas o\u00f9 pour faire une demande, il est n\u00e9cessaire de remplir un formulaire, votre consentement expr\u00e8s sera requis en cochant la case. Tous nos formulaires ont le symbole (*) ou la marque dans les donn\u00e9es obligatoires. Si vous ne renseignez pas ces champs, ou ne cochez pas la case d&rsquo;acceptation de la politique de confidentialit\u00e9, et des conditions de location, le cas \u00e9ch\u00e9ant, l&rsquo;envoi des informations ne sera pas autoris\u00e9 ou votre demande sera trait\u00e9e.<\/p>\n<p>Les donn\u00e9es personnelles fournies seront conserv\u00e9es tant que vous ne demanderez pas leur suppression ou leur annulation et tant qu&rsquo;elles seront ad\u00e9quates, pertinentes et limit\u00e9es \u00e0 ce qui est n\u00e9cessaire aux fins pour lesquelles elles sont trait\u00e9es. Ainsi que de d\u00e9terminer les \u00e9ventuelles responsabilit\u00e9s pouvant d\u00e9couler de cette finalit\u00e9 et du traitement des donn\u00e9es. D\u00e9lais l\u00e9galement \u00e9tablis.<\/p>\n<p>Aucune donn\u00e9e n&rsquo;est c\u00e9d\u00e9e \u00e0 des tiers, sauf si cela est n\u00e9cessaire \u00e0 la r\u00e9solution de la demande ou \u00e0 la fourniture des services command\u00e9s. De m\u00eame, les transferts de donn\u00e9es internationaux ne sont pas effectu\u00e9s.<\/p>\n<ul>\n<li>\n<p>R\u00e9seaux sociaux (Facebook, Instagram)<\/p>\n<p>Afin de r\u00e9pondre \u00e0 vos questions, demandes et demandes, g\u00e9rer le service demand\u00e9 et traiter la demande et cr\u00e9er une communaut\u00e9 d&rsquo;abonn\u00e9s, nous utiliserons vos donn\u00e9es d&rsquo;identification incluses dans votre profil public.<\/p>\n<p>La base juridique du traitement est la relation contractuelle dans l&rsquo;environnement du r\u00e9seau social correspondant.<\/p>\n<p>Nous ne pouvons consulter ou annuler vos donn\u00e9es que de mani\u00e8re restreinte en ayant un profil sp\u00e9cifique. Nous les traiterons tant que vous nous laisserez en nous suivant, en \u00e9tant amis ou en donnant des boutons \u00ab\u00a0j&rsquo;aime\u00a0\u00bb, \u00ab\u00a0suivre\u00a0\u00bb ou des boutons similaires.<\/p>\n<p>Toute rectification de vos donn\u00e9es ou restriction d&rsquo;informations ou de publications doit se faire via la configuration de votre profil ou utilisateur dans le r\u00e9seau social lui-m\u00eame.<\/p>\n<p>L&rsquo;utilisateur peut acc\u00e9der \u00e0 tout moment aux politiques de confidentialit\u00e9 du r\u00e9seau social lui-m\u00eame, ainsi que configurer son profil pour garantir sa confidentialit\u00e9.<\/p>\n<p>Nous vous informons que, lors de l&rsquo;utilisation des services de certains r\u00e9seaux sociaux, tels que Facebook, Twitter, YouTube,<\/p>\n<p>LinkedIn, WhatsApp ou Instagram, des transferts internationaux de donn\u00e9es en dehors de l&rsquo;UE peuvent avoir lieu dans des pays tels que les \u00c9tats-Unis, cependant, ces soci\u00e9t\u00e9s appliquent des clauses contractuelles standard de l&rsquo;UE ou adoptent d&rsquo;autres mesures pour faciliter un niveau de protection des donn\u00e9es adapt\u00e9 \u00e0 la l\u00e9gislation de l&rsquo;UE.<\/p>\n<p>Ces r\u00e9seaux sociaux et leurs partenaires op\u00e8rent dans le monde entier et utilisent des cookies \u00e0 des fins de statistiques, de personnalisation et de publicit\u00e9, entre autres.<\/p>\n<p>Vous trouverez ci-dessous le lien vers la politique de confidentialit\u00e9 de nos r\u00e9seaux sociaux\u00a0:<\/p>\n<p>Facebook : https:\/\/es-es.facebook.com\/privacy\/explanation<br \/>Twitter\u00a0: https:\/\/twitter.com\/privacy<br \/>Linkedin\u00a0: https:\/\/www.linkedin.com\/legal\/privacy-policy?trk=hb_ft_priv<br \/>Youtube\u00a0: https:\/\/www.google.com\/intl\/es\/policies\/privacy<br \/>Whatsapp\u00a0: https:\/\/www.whatsapp.com\/legal?eea=1&amp;lang=es<br \/>Instagram : https:\/\/es-la.facebook.com\/help\/instagram\/155833707900388<\/p>\n<\/li>\n<\/ul>\n<p>DROITS DES PARTIES INT\u00c9RESS\u00c9ES.<\/p>\n<p>Toute personne int\u00e9ress\u00e9e a le droit d&rsquo;obtenir la confirmation qu&rsquo;EUROMADERA traite ou non des donn\u00e9es personnelles la concernant.<\/p>\n<p>De m\u00eame, comme le pr\u00e9voit le R\u00e8glement G\u00e9n\u00e9ral sur la Protection des Donn\u00e9es, vous \u00eates inform\u00e9 que vous disposez des droits suivants :<\/p>\n<p>Acc\u00e9der \u00e0 vos donn\u00e9es : Vous avez le droit d&rsquo;acc\u00e9der \u00e0 vos donn\u00e9es pour savoir quelles donn\u00e9es personnelles nous traitons qui vous concernent.<br \/>Demander la rectification ou la suppression de vos donn\u00e9es : Dans certaines circonstances, vous avez le droit de rectifier les donn\u00e9es personnelles inexactes vous concernant qui font l&rsquo;objet d&rsquo;un traitement par nous ou, m\u00eame, de demander leur suppression lorsque, entre autres raisons, les donn\u00e9es qu&rsquo;elles n&rsquo;\u00e9taient plus n\u00e9cessaires aux fins pour lesquelles ils ont \u00e9t\u00e9 recueillis.<br \/>Demander la limitation du traitement de vos donn\u00e9es : Dans certaines circonstances, vous aurez le droit de demander la limitation du traitement de vos donn\u00e9es, auquel cas nous vous informons que nous ne les conserverons que pour l&rsquo;exercice ou la d\u00e9fense de r\u00e9clamations comme pr\u00e9vu par le R\u00e8glement G\u00e9n\u00e9ral de la Protection des Donn\u00e9es.<br \/>A la portabilit\u00e9 de vos donn\u00e9es : Dans certaines circonstances, vous aurez le droit de recevoir les donn\u00e9es personnelles qui vous concernent, et que vous nous avez fournies, dans un format structur\u00e9, couramment utilis\u00e9 et lisible par machine, et de les transmettre \u00e0 un autre contr\u00f4leur de donn\u00e9es.<br \/>Vous opposer au traitement de vos donn\u00e9es : Dans certaines circonstances et pour des raisons li\u00e9es \u00e0 votre situation particuli\u00e8re, vous aurez le droit de vous opposer au traitement de vos donn\u00e9es auquel cas, nous cesserions de les traiter sauf si, pour des motifs l\u00e9gitimes imp\u00e9rieux, ou l&rsquo;exercice ou la d\u00e9fense d&rsquo;\u00e9ventuelles r\u00e9clamations.<\/p>\n<p>Nous r\u00e9pondrons \u00e0 vos demandes dans les meilleurs d\u00e9lais et, en tout \u00e9tat de cause, dans le mois suivant la r\u00e9ception de votre demande. Ce d\u00e9lai peut \u00eatre prolong\u00e9 de deux mois suppl\u00e9mentaires si n\u00e9cessaire, compte tenu de la complexit\u00e9 et du nombre de demandes. Le responsable informera l&rsquo;int\u00e9ress\u00e9 de la prolongation dans le premier mois suivant la demande.<\/p>\n<p>L&rsquo;int\u00e9ress\u00e9 a le droit de retirer son consentement \u00e0 tout moment, sans affecter la l\u00e9galit\u00e9 du traitement bas\u00e9 sur le consentement avant son retrait.<\/p>\n<p>Pour exercer les droits reconnus, l&rsquo;int\u00e9ress\u00e9 peut s&rsquo;adresser \u00e0 l&rsquo;adresse e-mail suivante info@euromadera.com : ou en \u00e9crivant \u00e0 EUROMADERA \u00e0 l&rsquo;adresse indiqu\u00e9e dans la section sur les responsables du traitement.<\/p>\n<p>Vous, en particulier lorsque vous n&rsquo;avez pas obtenu satisfaction dans l&rsquo;exercice de vos droits, avez le droit de d\u00e9poser une r\u00e9clamation aupr\u00e8s de l&rsquo;autorit\u00e9 de contr\u00f4le nationale, \u00e0 ces fins, vous devez contacter l&rsquo;Agence espagnole de protection des donn\u00e9es. Avant de d\u00e9poser une telle r\u00e9clamation contre l&rsquo;Agence espagnole de protection des donn\u00e9es, vous pouvez contacter la personne en charge de l&rsquo;exercice des droits de la partie concern\u00e9e via l&rsquo;adresse e-mail suivante : info@euromadera.com<\/p>\n<p>&nbsp;<\/p>\n<p>Date de modification du texte : 16 juillet 2021.<\/p>\n<\/li>\n<\/ol>\n<p>[\/et_pb_text][\/et_pb_column][\/et_pb_row][\/et_pb_section]<\/p>\n","protected":false},"excerpt":{"rendered":"<p>Politique de confidentialit\u00e9 \u00a01. Politique de confidentialit\u00e9 Mikel Gotzon Zubieta P\u00e9rez &#8211; EUROMADERA (ci-apr\u00e8s, EUROMADERA) informe de sa politique de confidentialit\u00e9 concernant le traitement et la protection des donn\u00e9es personnelles des utilisateurs et des clients qui peuvent \u00eatre collect\u00e9es en naviguant ou en contractant des services via le site Web https:\/\/euromadera.com En ce sens, EUROMADERA [&hellip;]<\/p>\n","protected":false},"author":1,"featured_media":0,"parent":0,"menu_order":0,"comment_status":"closed","ping_status":"closed","template":"","meta":{"_et_pb_use_builder":"on","_et_pb_old_content":"<p>[et_pb_section fb_built=\"1\" _builder_version=\"4.9.9\" _module_preset=\"default\"][et_pb_row _builder_version=\"4.9.9\" _module_preset=\"default\"][et_pb_column type=\"4_4\" _builder_version=\"4.9.9\" _module_preset=\"default\"][et_pb_text _builder_version=\"4.9.9\" _module_preset=\"default\" header_line_height=\"1.7em\"]<\/p><h1>Pol\u00edtica de Privacidad<\/h1><p>\u00a0<\/p><ol><li><strong>\u00a0Pol\u00edtica de Privaciad<\/strong><p>Mikel Gotzon Zubieta P\u00e9rez \u2013 EUROMADERA (en adelante, EUROMADERA) informa sobre su Pol\u00edtica de Privacidad respecto del tratamiento y protecci\u00f3n de los datos de car\u00e1cter personal de los usuarios y clientes que puedan ser recabados por la navegaci\u00f3n o contrataci\u00f3n de servicios a trav\u00e9s del sitio Web <a href=\"https:\/\/euromadera.com\">https:\/\/euromadera.com<\/a><\/p><p>En este sentido, el EUROMADERA garantiza el cumplimiento de la normativa vigente en materia de protecci\u00f3n de datos personales, reflejada en la Ley Org\u00e1nica 3\/2018, de 5 de diciembre, de Protecci\u00f3n de Datos Personales y de Garant\u00eda de Derechos Digitales (LOPD GDD). Cumple tambi\u00e9n con el Reglamento (UE) 2016\/679 del Parlamento Europeo y del Consejo de 27 de abril de 2016 relativo a la protecci\u00f3n de las personas f\u00edsicas (RGPD).<\/p><p>El uso de sitio Web implica la aceptaci\u00f3n de esta Pol\u00edtica de Privacidad, as\u00ed como las condiciones incluidas en el Aviso Legal.<\/p><p><strong>DATOS DEL RESPONSABLE DEL TRATAMIENTO:<\/strong><\/p><ul><li>Mikel Gotzon Zubieta P\u00e9rez\u00a0\u2013 EUROMADERA\u00a0<\/li><li>CIF\/NIF: 33423100<\/li><li>Domicilio :\u00a0<\/li><li>Correo electr\u00f3nico: <a href=\"mailto:info@euromadera.com\">info@euromadera.com<\/a><\/li><li>Tel\u00e9fono: 602 618 049<\/li><\/ul><p><strong>TRATAMIENTO DE DATOS PERSONALES:<\/strong><\/p><p><strong>Usuarios Web<\/strong><\/p><ul><li>Formulario de contacto u otros canales de contacto y solicitud de informaci\u00f3n.<\/li><\/ul><p>La finalidad de la recogida y tratamiento de los datos personales responde a la necesidad de gestionar y atender las solicitudes de informaci\u00f3n recibidas.<\/p><p>Recopiamos: Informaci\u00f3n de contacto: Nombre completo y direcciones de correo electr\u00f3nico.<\/p><ul><li>Tratamiento de datos a trav\u00e9s de cookies al utilizar el sitio Web con la finalidad de realizar an\u00e1lisis y mejoras en la Web y sobre nuestros servicios. Mejorar la estrategia comercial.<\/li><\/ul><p>Recopilamos: Informaci\u00f3n del navegador: Informaci\u00f3n del dispositivo del usuario: IP, Sistema operativo, Identificadores. Informaci\u00f3n de navegaci\u00f3n: registros y p\u00e1ginas visitadas en el portal, preferencias de navegaci\u00f3n.<\/p><p><u>La base jur\u00eddica es la aceptaci\u00f3n y consentimiento del interesado<\/u>: En aquellos casos donde para realizar una solicitud sea necesario cumplimentar un formulario se le requerir\u00e1 su consentimiento expreso con la marcaci\u00f3n de la casilla. Todos nuestros formularios cuentan con el s\u00edmbolo (*) o marca en los datos obligatorios. Si no facilitas esos campos, o no marcas el checkbox de aceptaci\u00f3n de la pol\u00edtica de privacidad, y de las condiciones de alquiler en su caso, no se permitir\u00e1 el env\u00edo de la informaci\u00f3n o tramitar\u00e1 su petici\u00f3n.<\/p><p>Los datos personales proporcionados se conservar\u00e1n mientras no solicite su supresi\u00f3n o cancelaci\u00f3n y siempre que resulten adecuados, pertinentes y limitados a lo necesario para los fines para los que sean tratados. As\u00ed como para determinar las posibles responsabilidades que se pudieran derivar de dicha finalidad y del tratamiento de los datos. Plazos legalmente establecidos.<\/p><p>No se ceden datos a terceros, salvo que sea necesario para la resoluci\u00f3n de la consulta o prestaci\u00f3n de los servicios encargados. As\u00ed como tampoco se realizan transferencias internacionales de datos.<\/p><p><strong>Redes Sociales (Facebook; Instagram)<\/strong><\/p><p>Con la finalidad de contestar a tus consultas, solicitudes y peticiones, gestionar el servicio solicitado y tramitar la petici\u00f3n y crear una comunidad de seguidores, utilizaremos tus datos identificativos incluidos en tu perfil p\u00fablico.<\/p><p>La base jur\u00eddica para el tratamiento es la relaci\u00f3n contractual en el entorno de la red social que corresponda.<\/p><p>S\u00f3lo podemos consultar o dar de baja tus datos de forma restringida al tener un perfil espec\u00edfico. Los trataremos tanto tiempo como t\u00fa nos dejes sigui\u00e9ndonos, siendo amigos o d\u00e1ndole a \u201cme gusta\u201d, \u201cseguir\u201d o botones similares.<\/p><p>Cualquier rectificaci\u00f3n de tus datos o restricci\u00f3n de informaci\u00f3n o de publicaciones debes realizarla a trav\u00e9s de la configuraci\u00f3n de tu perfil o usuario en la propia red social.<\/p><p>El usuario puede acceder en todo momento a las Pol\u00edticas de Privacidad de la propia Red Social, as\u00ed como configurar su perfil para garantizar su privacidad.<\/p><p>Le informamos que, al usar los servicios de algunas redes sociales, como Facebook, Twitter, YouTube,<\/p><p>LinkedIn, WhatsApp o Instagram, se puede producir Transferencias Internacionales de datos fuera de la UE en pa\u00edses como Estados Unidos, sin embargo, estas empresas est\u00e1n aplicando cl\u00e1usulas contractuales tipo de la UE o la adopci\u00f3n de otras medidas para facilitar un nivel de protecci\u00f3n de datos adecuado de acuerdo con la legislaci\u00f3n de la UE.<\/p><p>Estas redes sociales y sus socios operan a nivel global y usan cookies para la realizaci\u00f3n de estad\u00edsticas, la personalizaci\u00f3n y los anuncios, entre otros.<\/p><p>A continuaci\u00f3n, se indica el enlace a la Pol\u00edtica de Privacidad de nuestras Redes Sociales:<\/p><ul><li>Facebook: <a href=\"https:\/\/es-es.facebook.com\/privacy\/explanation\">https:\/\/es-es.facebook.com\/privacy\/explanation<\/a><\/li><li>Twitter: <a href=\"https:\/\/twitter.com\/privacy\">https:\/\/twitter.com\/privacy<\/a><\/li><li>Linkedin: <a href=\"https:\/\/www.linkedin.com\/legal\/privacy-policy?trk=hb_ft_priv\">https:\/\/www.linkedin.com\/legal\/privacy-policy?trk=hb_ft_priv<\/a><\/li><li>Youtube: <a href=\"https:\/\/www.google.com\/intl\/es\/policies\/privacy\">https:\/\/www.google.com\/intl\/es\/policies\/privacy<\/a><\/li><li>Whatsapp: <a href=\"https:\/\/www.whatsapp.com\/legal?eea=1&lang=es\">https:\/\/www.whatsapp.com\/legal?eea=1&lang=es<\/a><\/li><li>Instagram: <a href=\"https:\/\/es-la.facebook.com\/help\/instagram\/155833707900388\">https:\/\/es-la.facebook.com\/help\/instagram\/155833707900388<\/a><\/li><\/ul><p><strong>DERECHOS DE LOS INTERESADOS. <\/strong><\/p><p>Cualquier interesado tiene derecho a obtener confirmaci\u00f3n sobre si EUROMADERA est\u00e1 tratando datos personales que les conciernen, o no.<\/p><p>Asimismo, tal y como prev\u00e9 el Reglamento General de Protecci\u00f3n de Datos, se le informa que usted tiene los siguientes derechos:<\/p><ul><li><strong>Acceder a sus datos<\/strong>: Ud. tiene derecho a acceder a sus datos para conocer qu\u00e9 datos personales estamos tratando que le conciernen.<\/li><li><strong>Solicitar la rectificaci\u00f3n o supresi\u00f3n de sus datos<\/strong>: En determinadas circunstancias, Ud. tiene derecho a rectificar aquellos datos personales inexactos que le conciernen que sean objeto de tratamiento por nuestra parte o, incluso, a solicitarnos su supresi\u00f3n cuando, entre otros motivos, los datos ya no fueran necesarios para los fines que fueron recogidos.<\/li><li><strong>Solicitar la limitaci\u00f3n del tratamiento de sus datos<\/strong>: En determinadas circunstancias, Ud. tendr\u00e1 derecho a solicitarnos la limitaci\u00f3n del tratamiento de sus datos, en cuyo caso le informamos que \u00fanicamente los conservaremos para el ejercicio o defensa de reclamaciones tal y como prev\u00e9 el Reglamento General de Protecci\u00f3n de Datos.<\/li><li><strong>A la portabilidad de sus datos<\/strong>: En determinadas circunstancias, Ud. tendr\u00e1 derecho a recibir los datos personales que le incumban, y que nos haya facilitado, en un formato estructurado, de uso com\u00fan y lectura mec\u00e1nica, y a transmitirlos a otro responsable del tratamiento.<\/li><li><strong>Oponerse al tratamiento de sus datos<\/strong>: En determinadas circunstancias y por motivos relacionados con su situaci\u00f3n particular, Ud. tendr\u00e1 derecho a oponerse al tratamiento de sus datos en cuyo caso, dejar\u00edamos de tratarlos salvo que, por motivos leg\u00edtimos imperiosos, o el ejercicio o la defensa de posibles reclamaciones.<\/li><\/ul><p>Responderemos a sus peticiones a la mayor brevedad posible y, en todo caso, en el plazo de un mes desde la recepci\u00f3n de su solicitud. Dicho plazo podr\u00e1 prorrogarse otros dos meses en caso necesario, teniendo en cuenta la complejidad y el n\u00famero de solicitudes. El responsable informar\u00e1 al interesado de la pr\u00f3rroga dentro del primer mes desde la solicitud.<\/p><p>El interesado tiene derecho a retirar el consentimiento en cualquier momento, sin que ello afecte a la licitud del tratamiento basado en el consentimiento previo a su retirada.<\/p><p>Para el ejercicio de los derechos reconocidos, el interesado podr\u00e1 ponerse en contacto a trav\u00e9s de la siguiente direcci\u00f3n de correo electr\u00f3nico <strong>info@euromadera.com<\/strong>: \u00a0o dirigiendo un escrito a EUROMADERA en la direcci\u00f3n indicada en el apartado sobre responsables de tratamiento.<\/p><p>Usted, especialmente cuando no haya obtenido satisfacci\u00f3n en el ejercicio de sus derechos, tiene derecho a presentar reclamaci\u00f3n ante la autoridad nacional de control, a estos efectos debe dirigirse ante la Agencia Espa\u00f1ola de Protecci\u00f3n de Datos. Con car\u00e1cter previo a la presentaci\u00f3n de dicha reclamaci\u00f3n contra la Agencia Espa\u00f1ola de Protecci\u00f3n de datos, usted puede dirigirse al encargado de ejercer los derechos del afectado a trav\u00e9s de la siguiente direcci\u00f3n de correo electr\u00f3nico: <strong><a href=\"mailto:info@euromadera.com\">info@euromadera.com<\/a><\/strong><\/p><p>\u00a0<\/p><p><strong>Fecha modificaci\u00f3n del texto: 16 de julio de 2021. <\/strong><\/p><\/li><\/ol><p>[\/et_pb_text][\/et_pb_column][\/et_pb_row][\/et_pb_section]<\/p>","_et_gb_content_width":"","footnotes":""},"class_list":["post-866","page","type-page","status-publish","hentry"],"aioseo_notices":[],"_links":{"self":[{"href":"https:\/\/euromadera.com\/fr\/wp-json\/wp\/v2\/pages\/866","targetHints":{"allow":["GET"]}}],"collection":[{"href":"https:\/\/euromadera.com\/fr\/wp-json\/wp\/v2\/pages"}],"about":[{"href":"https:\/\/euromadera.com\/fr\/wp-json\/wp\/v2\/types\/page"}],"author":[{"embeddable":true,"href":"https:\/\/euromadera.com\/fr\/wp-json\/wp\/v2\/users\/1"}],"replies":[{"embeddable":true,"href":"https:\/\/euromadera.com\/fr\/wp-json\/wp\/v2\/comments?post=866"}],"version-history":[{"count":0,"href":"https:\/\/euromadera.com\/fr\/wp-json\/wp\/v2\/pages\/866\/revisions"}],"wp:attachment":[{"href":"https:\/\/euromadera.com\/fr\/wp-json\/wp\/v2\/media?parent=866"}],"curies":[{"name":"wp","href":"https:\/\/api.w.org\/{rel}","templated":true}]}}